{"id":55,"date":"2024-11-21T11:38:47","date_gmt":"2024-11-21T11:38:47","guid":{"rendered":"https:\/\/www.taccoturismo.it\/?page_id=55"},"modified":"2025-01-14T16:38:51","modified_gmt":"2025-01-14T16:38:51","slug":"news-eventi","status":"publish","type":"page","link":"https:\/\/www.taccoturismo.it\/?page_id=55","title":{"rendered":"News &amp; eventi"},"content":{"rendered":"\t\t<div data-elementor-type=\"wp-page\" data-elementor-id=\"55\" class=\"elementor elementor-55\">\n\t\t\t\t<div class=\"elementor-element elementor-element-ea2e34d e-grid e-con-boxed e-con e-parent\" data-id=\"ea2e34d\" data-element_type=\"container\" data-e-type=\"container\">\n\t\t\t\t\t<div class=\"e-con-inner\">\n\t\t\t\t<div class=\"elementor-element elementor-element-61da3a5 elementor-widget elementor-widget-image\" data-id=\"61da3a5\" data-element_type=\"widget\" data-e-type=\"widget\" data-widget_type=\"image.default\">\n\t\t\t\t<div class=\"elementor-widget-container\">\n\t\t\t\t\t\t\t\t\t\t\t\t\t\t\t<img decoding=\"async\" src=\"https:\/\/www.taccoturismo.it\/wp-content\/uploads\/2025\/01\/Immagine1.png\" title=\"Immagine1\" alt=\"Immagine1\" loading=\"lazy\" \/>\t\t\t\t\t\t\t\t\t\t\t\t\t\t\t<\/div>\n\t\t\t\t<\/div>\n\t\t\t\t<div class=\"elementor-element elementor-element-ebb9f4d elementor-widget elementor-widget-text-editor\" data-id=\"ebb9f4d\" data-element_type=\"widget\" data-e-type=\"widget\" data-widget_type=\"text-editor.default\">\n\t\t\t\t<div class=\"elementor-widget-container\">\n\t\t\t\t\t\t\t\t\t<p><strong>Turismo accessibile in Europa: bisogni ed esperienze<\/strong><\/p><p>L\u2019emozione di esplorare nuovi orizzonti, custodire nei propri ricordi la bellezza del viaggio, scoprire come, dal Nord Europa alla punta del Tacco d\u2019Italia, anche il caleidoscopico mondo del turismo possa diventare \u2013 anzi stia gi\u00e0 diventando \u2013 sinonimo di reale accessibilit\u00e0, grazie al prezioso contributo di chi ha la mente e le braccia aperte verso gli altri.<br \/><br \/>Sar\u00e0 questo il filo conduttore del convegno a cui abbiamo il piacere e l\u2019onore di invitarvi, dal titolo \u201cTurismo accessibile in Europa: bisogni ed esperienze\u201d, che si terr\u00e0 luned\u00ec 9 settembre ore 17.00 presso l\u2019Hotel Le Siren\u00e9 di Gallipoli. Una tavola rotonda ad ingresso gratuito moderata dalla giornalista Azzurra De Razza, realizzata nell\u2019ambito del Progetto #TACCO (Turismo Accessibile di Comunit\u00e0) e trasmessa in diretta streaming sui nostri canali social.<br \/><br \/>Eleonora Censorii, Thomas Ardui, Attilio Caputo, Giorgia Rollo e Mechthild Kreuser saranno gli ospiti d\u2019eccezione che, attraverso i loro interventi, offriranno importanti e concrete testimonianze di vita e di viaggio, ma i veri protagonisti dell\u2019evento saremo tutti noi, con il nostro bagaglio di esperienze, domande e spunti che metteremo in condivisione con relatori e platea.<br \/><br \/>Ecco di seguito la scaletta degli interventi previsti:<br \/><strong>Turismo accessibile tra informazioni istituzionali e \u201cfai da te\u201d<\/strong><br \/>(Eleonora Censorii \u2013 WheelTribe Viaggi, Bruxelles)<br \/><strong>Viaggiare accessibile da soli: alla scoperta di nuovi modi<\/strong><br \/>(Thomas Ardui \u2013 D\u00e9calage, Belgio)<br \/><strong>Le azioni di Caroli Hotels verso un\u2019ospitalit\u00e0 accessibile<\/strong><br \/>(Attilio Caputo \u2013 Direttore \u201cEcoresort Le Siren\u00e9\u201d, Italia)<br \/><strong>La spiaggia accessibile secondo il modello di IO POSSO<\/strong><br \/>(Giorgia Rollo \u2013 Presidente 2HE\/IO POSSO, Italia)<br \/><strong>Mindfulness, yoga e impresa in viaggio per l\u2019Europa<\/strong><br \/>(Mechthild Kreuser \u2013 Inklusive Achtsamkeit, Germania)<br \/><strong><br \/><\/strong><\/p>\t\t\t\t\t\t\t\t<\/div>\n\t\t\t\t<\/div>\n\t\t\t\t\t<\/div>\n\t\t\t\t<\/div>\n\t\t<div class=\"elementor-element elementor-element-b09e5a5 e-flex e-con-boxed e-con e-parent\" data-id=\"b09e5a5\" data-element_type=\"container\" data-e-type=\"container\">\n\t\t\t\t\t<div class=\"e-con-inner\">\n\t\t\t\t<div class=\"elementor-element elementor-element-70ba6a6 elementor-widget-divider--view-line elementor-widget elementor-widget-divider\" data-id=\"70ba6a6\" data-element_type=\"widget\" data-e-type=\"widget\" data-widget_type=\"divider.default\">\n\t\t\t\t<div class=\"elementor-widget-container\">\n\t\t\t\t\t\t\t<div class=\"elementor-divider\">\n\t\t\t<span class=\"elementor-divider-separator\">\n\t\t\t\t\t\t<\/span>\n\t\t<\/div>\n\t\t\t\t\t\t<\/div>\n\t\t\t\t<\/div>\n\t\t\t\t\t<\/div>\n\t\t\t\t<\/div>\n\t\t<div class=\"elementor-element elementor-element-5e0f2b4 e-grid e-con-boxed e-con e-parent\" data-id=\"5e0f2b4\" data-element_type=\"container\" data-e-type=\"container\">\n\t\t\t\t\t<div class=\"e-con-inner\">\n\t\t\t\t<div class=\"elementor-element elementor-element-ea869ec elementor-widget elementor-widget-image\" data-id=\"ea869ec\" data-element_type=\"widget\" data-e-type=\"widget\" data-widget_type=\"image.default\">\n\t\t\t\t<div class=\"elementor-widget-container\">\n\t\t\t\t\t\t\t\t\t\t\t\t\t\t\t<img decoding=\"async\" src=\"https:\/\/www.taccoturismo.it\/wp-content\/uploads\/2025\/01\/Immagine2.png\" title=\"Immagine2\" alt=\"Immagine2\" loading=\"lazy\" \/>\t\t\t\t\t\t\t\t\t\t\t\t\t\t\t<\/div>\n\t\t\t\t<\/div>\n\t\t\t\t<div class=\"elementor-element elementor-element-8592ba6 elementor-widget elementor-widget-text-editor\" data-id=\"8592ba6\" data-element_type=\"widget\" data-e-type=\"widget\" data-widget_type=\"text-editor.default\">\n\t\t\t\t<div class=\"elementor-widget-container\">\n\t\t\t\t\t\t\t\t\t<p><strong>Porto Cesareo: concerto e chiusura di stagione<\/strong><\/p><p>La poesia, la bellezza, il romanticismo, l\u2019amore, sono queste le cose che ci tengono in vita\u201d, recita un famoso film. Ed \u00e8 proprio per celebrare le storie, i vissuti e l\u2019unicit\u00e0 di tutti gli ospiti, che anche quest\u2019anno hanno arricchito con la loro presenza la spiaggia accessibile #IoPosso di Porto Cesareo, che vogliamo simbolicamente chiudere in grande stile la stagione del 2024. L\u2019appuntamento \u00e8 per il 12 settembre dalle ore 18 presso la nostra sede cesarina con un evento di bilancio, durante il quale interverranno la prima cittadina di Porto Cesareo Silvia Tarantino, la Presidente di 2HE \u2013 IO POSSO Giorgia Rollo e l\u2019Assessore ai Servizi sociali e al Turismo di Porto Cesareo Barbara Paladini.<br \/><br \/>La serata sar\u00e0 poi allietata dalle meravigliose sinergie musicali del trio Julier \u2013 composto dalle tre sorelle Sara (voce e violino), Giorgia (voce e tastiere) e Chiara Negro (voce e chitarra) -, che sentiamo ormai parte integrante della nostra grande famiglia. Quest\u2019anno, il concerto gratuito vedr\u00e0 anche la partecipazione straordinaria di Alberto Tommasi alla batteria. Una veste inusuale, quella di Alberto e Sara, che i nostri ospiti conoscono nel loro operato quotidiano come operatori, ma che invece indosseranno i panni di musicisti per donare il loro straordinario talento.<br \/><br \/>L\u2019evento, che sar\u00e0 trasmesso in diretta sui canali social Facebook e Youtube di IO POSSO, \u00e8 realizzato nell\u2019ambito del Progetto T.Ac.Co.\u00a0<br \/><br \/><em><strong>IL TRIO JULIER<\/strong><\/em><br \/>Il trio Julier nasce nel 2015 dalla voglia di far musica insieme e divertirsi di tre sorelle: Sara (voce e violino), Giorgia (voce e tastiere) e Chiara Negro (voce e chitarra). Il progetto del trio deve la sua originalit\u00e0 alle armonizzazioni canore cui le sorelle danno vita sfruttando la grande diversit\u00e0 dei loro timbri vocali, riarrangiando in chiave personale brani della musica pop, indie pop e soft rock nazionale e internazionale.<\/p>\t\t\t\t\t\t\t\t<\/div>\n\t\t\t\t<\/div>\n\t\t\t\t\t<\/div>\n\t\t\t\t<\/div>\n\t\t<div class=\"elementor-element elementor-element-45dc17a e-flex e-con-boxed e-con e-parent\" data-id=\"45dc17a\" data-element_type=\"container\" data-e-type=\"container\">\n\t\t\t\t\t<div class=\"e-con-inner\">\n\t\t\t\t<div class=\"elementor-element elementor-element-417c97f elementor-widget-divider--view-line elementor-widget elementor-widget-divider\" data-id=\"417c97f\" data-element_type=\"widget\" data-e-type=\"widget\" data-widget_type=\"divider.default\">\n\t\t\t\t<div class=\"elementor-widget-container\">\n\t\t\t\t\t\t\t<div class=\"elementor-divider\">\n\t\t\t<span class=\"elementor-divider-separator\">\n\t\t\t\t\t\t<\/span>\n\t\t<\/div>\n\t\t\t\t\t\t<\/div>\n\t\t\t\t<\/div>\n\t\t\t\t\t<\/div>\n\t\t\t\t<\/div>\n\t\t<div class=\"elementor-element elementor-element-a35b960 e-grid e-con-boxed e-con e-parent\" data-id=\"a35b960\" data-element_type=\"container\" data-e-type=\"container\">\n\t\t\t\t\t<div class=\"e-con-inner\">\n\t\t\t\t<div class=\"elementor-element elementor-element-a6927d7 elementor-widget elementor-widget-image\" data-id=\"a6927d7\" data-element_type=\"widget\" data-e-type=\"widget\" data-widget_type=\"image.default\">\n\t\t\t\t<div class=\"elementor-widget-container\">\n\t\t\t\t\t\t\t\t\t\t\t\t\t\t\t<img decoding=\"async\" src=\"https:\/\/www.taccoturismo.it\/wp-content\/uploads\/2025\/01\/Immagine3.png\" title=\"Immagine3\" alt=\"Immagine3\" loading=\"lazy\" \/>\t\t\t\t\t\t\t\t\t\t\t\t\t\t\t<\/div>\n\t\t\t\t<\/div>\n\t\t\t\t<div class=\"elementor-element elementor-element-d761f7a elementor-widget elementor-widget-text-editor\" data-id=\"d761f7a\" data-element_type=\"widget\" data-e-type=\"widget\" data-widget_type=\"text-editor.default\">\n\t\t\t\t<div class=\"elementor-widget-container\">\n\t\t\t\t\t\t\t\t\t<p><strong>L\u2019estate continua col progetto T.AC.CO!<\/strong><\/p><p>Quando abbiamo dato il via a #ioposso, avevamo in mente una mission ben precisa: garantire a tutti diritti, dignit\u00e0 ma soprattutto la bellezza della quotidianit\u00e0, senza distinzione e oltre ogni confine.<br \/>A distanza di dieci anni da quel giorno, aver dato il via al progetto T.Ac.Co (Turismo Accessibile di Comunit\u00e0) \u2013 grazie al quale la nostra associazione capofila 2HE \u00e8 riuscita a fare rete con tante altre realt\u00e0 locali sensibili al tema dell\u2019accessibilit\u00e0 \u2013 \u00e8 per noi motivo di grande soddisfazione, oltre che l\u2019inizio di una nuova entusiasmante sfida.<br \/>Vi aspettiamo domenica 15 settembre alle 17 presso la spiaggia Io Posso di San Foca per raccontarvi tutte le attivit\u00e0 svolte quest\u2019estate nell\u2019ambito del progetto T.Ac.Co e come questo si svilupper\u00e0 nei prossimi mesi, anche attraverso la voce di autorit\u00e0 regionali e locali e i referenti di tutte le realt\u00e0 associative coinvolte e che prenderanno parte all\u2019incontro.<br \/>L\u2019evento, che sar\u00e0 trasmesso in diretta sui canali social Facebook e Youtube di IO POSSO, \u00e8 realizzato grazie al Fondo Ministeriale di finanziamento \u201cFondo per l\u2019inclusione delle persone con disabilit\u00e0\u201d (art. 34 D.L. 22\/03\/21, n. 41, convertito con L. 21\/05\/21, n. 69) Azioni in materia di turismo accessibile. Progetto \u201cC.Os.T.A.\u201d promosso dalla Regione Puglia.<br \/><br \/>Ecco di seguito la scaletta dettagliato degli interventi previsti durante l\u2019evento, che sar\u00e0 moderato dalla giornalista Azzurra De Razza:<br \/><strong>Valentina Romano<\/strong>, Direttrice Dipartimento Welfare Regione Puglia<br \/><strong>Nica Mastronardi<\/strong>, Coordinatrice Progetto C.Os.T.A, Pugliapromozione e <strong>Michele Cataldo<\/strong>, Referente Segreteria tecnica Dipartimento Turismo e Cultura Regione Puglia<br \/><strong>Giorgia Rollo<\/strong>, Assoc. 2HE Capofila della rete progetto T.Ac.Co. \u2013 Presentazione del progetto T.Ac.Co. e delle attivit\u00e0 turistiche estive.<br \/><br \/>Le associazioni partner del progetto:<br \/>Marco Tommasi, Associazione il Dado Gira<br \/>Antonio Durante, Naturalia<br \/>Rosario Surano, Swim \u2013 Liberi di Nuotare<br \/>Pierangelo Muci, Portatori Sani di Sorrisi<br \/>Diomede Stabile, Anyway access Salento<br \/>Per i Comuni aderenti alla rete i Sindaci:<br \/>Paolo Greco, Comune di Caprarica;<br \/>Maurizio Cisternino, Comune di Melendugno,<br \/>Silvia Tarantino, Comune Porto Cesareo<br \/>Gianluca Tommasi, Comune di Calimera<br \/>Mauro De Carlo, Comune di Vernole<br \/>Stefano Minerva, Comune di Gallipoli<\/p>\t\t\t\t\t\t\t\t<\/div>\n\t\t\t\t<\/div>\n\t\t\t\t\t<\/div>\n\t\t\t\t<\/div>\n\t\t<div class=\"elementor-element elementor-element-e513314 e-flex e-con-boxed e-con e-parent\" data-id=\"e513314\" data-element_type=\"container\" data-e-type=\"container\">\n\t\t\t\t\t<div class=\"e-con-inner\">\n\t\t\t\t<div class=\"elementor-element elementor-element-606527e elementor-widget-divider--view-line elementor-widget elementor-widget-divider\" data-id=\"606527e\" data-element_type=\"widget\" data-e-type=\"widget\" data-widget_type=\"divider.default\">\n\t\t\t\t<div class=\"elementor-widget-container\">\n\t\t\t\t\t\t\t<div class=\"elementor-divider\">\n\t\t\t<span class=\"elementor-divider-separator\">\n\t\t\t\t\t\t<\/span>\n\t\t<\/div>\n\t\t\t\t\t\t<\/div>\n\t\t\t\t<\/div>\n\t\t\t\t\t<\/div>\n\t\t\t\t<\/div>\n\t\t<div class=\"elementor-element elementor-element-b934a35 e-grid e-con-boxed e-con e-parent\" data-id=\"b934a35\" data-element_type=\"container\" data-e-type=\"container\">\n\t\t\t\t\t<div class=\"e-con-inner\">\n\t\t\t\t<div class=\"elementor-element elementor-element-fac41f4 elementor-widget elementor-widget-image\" data-id=\"fac41f4\" data-element_type=\"widget\" data-e-type=\"widget\" data-widget_type=\"image.default\">\n\t\t\t\t<div class=\"elementor-widget-container\">\n\t\t\t\t\t\t\t\t\t\t\t\t\t\t\t<img decoding=\"async\" src=\"https:\/\/www.taccoturismo.it\/wp-content\/uploads\/2025\/01\/Immagine4.jpg\" title=\"Immagine4\" alt=\"Immagine4\" loading=\"lazy\" \/>\t\t\t\t\t\t\t\t\t\t\t\t\t\t\t<\/div>\n\t\t\t\t<\/div>\n\t\t\t\t<div class=\"elementor-element elementor-element-aca2f1d elementor-widget elementor-widget-text-editor\" data-id=\"aca2f1d\" data-element_type=\"widget\" data-e-type=\"widget\" data-widget_type=\"text-editor.default\">\n\t\t\t\t<div class=\"elementor-widget-container\">\n\t\t\t\t\t\t\t\t\t<p><strong>Mare, sport, accessibilit\u00e0<\/strong><\/p><p>Oltre che importanti per la salute e il benessere di chi li pratica a qualunque livello, crediamo fortemente nelle potenzialit\u00e0 degli sport legati al mare per favorire il turismo inclusivo e la destagionalizzazione. Ecco perch\u00e9, per il 25 ottobre, abbiamo coniugato la prova di SUP e SURF adattato a cura degli amici di A S D 3Oceani Sport Center con una tavola rotonda dal titolo \u201cMare, sport, accessibilit\u00e0\u201d, a cui prenderanno parte Nica Mastronardi (Pugliapromozione AReT), Francesco Stella (Comune di Melendugno), Carlo Morelli (Consigliere nazionale Fissw), Gigi Renis (Delegato Coni Prov. Lecce), Giuseppe Pinto (Presidente CIP Puglia), oltre alla nostra presidente Giorgia Rollo. Vi aspettiamo numerosi nella spiaggia di Io Posso a San Foca, dalle ore 10.00!<\/p><p>L\u2019evento, che sar\u00e0 trasmesso in diretta sui canali social Facebook e Youtube di IO POSSO, \u00e8 realizzato grazie al Fondo Ministeriale di finanziamento \u201cFondo per l\u2019inclusione delle persone con disabilit\u00e0\u201d (art. 34 D.L. 22\/03\/21, n. 41, convertito con L. 21\/05\/21, n. 69) Azioni in materia di turismo accessibile. Progetto \u201cC.Os.T.A.\u201d promosso dalla Regione Puglia.<\/p>\t\t\t\t\t\t\t\t<\/div>\n\t\t\t\t<\/div>\n\t\t\t\t\t<\/div>\n\t\t\t\t<\/div>\n\t\t\t\t<\/div>\n\t\t","protected":false},"excerpt":{"rendered":"<p>Turismo accessibile in Europa: bisogni ed esperienze L\u2019emozione di esplorare nuovi orizzonti, custodire nei propri ricordi la bellezza del viaggio, scoprire come, dal Nord Europa alla punta del Tacco d\u2019Italia, anche il caleidoscopico mondo del turismo possa diventare \u2013 anzi stia gi\u00e0 diventando \u2013 sinonimo di reale accessibilit\u00e0, grazie al prezioso contributo di chi ha [&hellip;]<\/p>\n","protected":false},"author":1,"featured_media":0,"parent":0,"menu_order":0,"comment_status":"closed","ping_status":"closed","template":"","meta":{"_eb_attr":"","_uag_custom_page_level_css":"","footnotes":""},"class_list":["post-55","page","type-page","status-publish","hentry"],"uagb_featured_image_src":{"full":false,"thumbnail":false,"medium":false,"medium_large":false,"large":false,"1536x1536":false,"2048x2048":false},"uagb_author_info":{"display_name":"admin","author_link":"https:\/\/www.taccoturismo.it\/?author=1"},"uagb_comment_info":0,"uagb_excerpt":"Turismo accessibile in Europa: bisogni ed esperienze L\u2019emozione di esplorare nuovi orizzonti, custodire nei propri ricordi la bellezza del viaggio, scoprire come, dal Nord Europa alla punta del Tacco d\u2019Italia, anche il caleidoscopico mondo del turismo possa diventare \u2013 anzi stia gi\u00e0 diventando \u2013 sinonimo di reale accessibilit\u00e0, grazie al prezioso contributo di chi ha&hellip;","_links":{"self":[{"href":"https:\/\/www.taccoturismo.it\/index.php?rest_route=\/wp\/v2\/pages\/55","targetHints":{"allow":["GET"]}}],"collection":[{"href":"https:\/\/www.taccoturismo.it\/index.php?rest_route=\/wp\/v2\/pages"}],"about":[{"href":"https:\/\/www.taccoturismo.it\/index.php?rest_route=\/wp\/v2\/types\/page"}],"author":[{"embeddable":true,"href":"https:\/\/www.taccoturismo.it\/index.php?rest_route=\/wp\/v2\/users\/1"}],"replies":[{"embeddable":true,"href":"https:\/\/www.taccoturismo.it\/index.php?rest_route=%2Fwp%2Fv2%2Fcomments&post=55"}],"version-history":[{"count":44,"href":"https:\/\/www.taccoturismo.it\/index.php?rest_route=\/wp\/v2\/pages\/55\/revisions"}],"predecessor-version":[{"id":510,"href":"https:\/\/www.taccoturismo.it\/index.php?rest_route=\/wp\/v2\/pages\/55\/revisions\/510"}],"wp:attachment":[{"href":"https:\/\/www.taccoturismo.it\/index.php?rest_route=%2Fwp%2Fv2%2Fmedia&parent=55"}],"curies":[{"name":"wp","href":"https:\/\/api.w.org\/{rel}","templated":true}]}}